{"id":20978,"date":"2020-06-30T12:27:11","date_gmt":"2020-06-30T10:27:11","guid":{"rendered":"http:\/\/valladolidabogados.com\/wp-content\/uploads\/2020\/06\/2-salon.jpg"},"modified":"2021-11-17T13:59:06","modified_gmt":"2021-11-17T12:59:06","slug":"2-salon","status":"inherit","type":"attachment","link":"https:\/\/inmobiliariahaleh.com\/fa\/propiedad\/apartamento-en-estepona\/2-salon\/","title":{"rendered":"2 salon"},"author":3,"comment_status":"open","ping_status":"closed","template":"","meta":[],"yoast_head":"<!-- This site is optimized with the Yoast SEO plugin v21.7 - https:\/\/yoast.com\/wordpress\/plugins\/seo\/ -->\n<title>2 salon &#8211; Inmobiliaria Haleh<\/title>\n<meta name=\"description\" content=\"Vivir en conexi\u00f3n con la naturaleza, con grandes ventanales y vistas panor\u00e1micas a la monta\u00f1a en un lugar lleno de luz. Llama a Haleh al 654.01.10.04 y pregunta por esta vivienda ocasi\u00f3n en Marbella.\u00a0\" \/>\n<meta name=\"robots\" content=\"index, follow, max-snippet:-1, max-image-preview:large, max-video-preview:-1\" \/>\n<link rel=\"canonical\" href=\"https:\/\/inmobiliariahaleh.com\/wp-content\/uploads\/2020\/06\/2-salon-scaled.jpg\" \/>\n<meta property=\"og:locale\" content=\"es_ES\" \/>\n<meta property=\"og:type\" content=\"article\" \/>\n<meta property=\"og:title\" content=\"2 salon &#8211; Inmobiliaria Haleh\" \/>\n<meta property=\"og:description\" content=\"Vivir en conexi\u00f3n con la naturaleza, con grandes ventanales y vistas panor\u00e1micas a la monta\u00f1a en un lugar lleno de luz. Llama a Haleh al 654.01.10.04 y pregunta por esta vivienda ocasi\u00f3n en Marbella.\u00a0\" \/>\n<meta property=\"og:url\" content=\"https:\/\/inmobiliariahaleh.com\/wp-content\/uploads\/2020\/06\/2-salon-scaled.jpg\" \/>\n<meta property=\"og:site_name\" content=\"Inmobiliaria Haleh\" \/>\n<meta property=\"article:publisher\" content=\"https:\/\/www.facebook.com\/InmobiliariaHaleh\" \/>\n<meta property=\"article:modified_time\" content=\"2021-11-17T12:59:06+00:00\" \/>\n<meta property=\"og:image\" content=\"https:\/\/inmobiliariahaleh.com\/wp-content\/uploads\/2020\/06\/2-salon-scaled.jpg\" \/>\n\t<meta property=\"og:image:width\" content=\"2560\" \/>\n\t<meta property=\"og:image:height\" content=\"1440\" \/>\n\t<meta property=\"og:image:type\" content=\"image\/jpeg\" \/>\n<meta name=\"twitter:card\" content=\"summary_large_image\" \/>\n<script type=\"application\/ld+json\" class=\"yoast-schema-graph\">{\"@context\":\"https:\/\/schema.org\",\"@graph\":[{\"@type\":\"WebPage\",\"@id\":\"https:\/\/inmobiliariahaleh.com\/wp-content\/uploads\/2020\/06\/2-salon-scaled.jpg\",\"url\":\"https:\/\/inmobiliariahaleh.com\/wp-content\/uploads\/2020\/06\/2-salon-scaled.jpg\",\"name\":\"2 salon &#8211; Inmobiliaria Haleh\",\"isPartOf\":{\"@id\":\"https:\/\/inmobiliariahaleh.com\/#website\"},\"datePublished\":\"2020-06-30T10:27:11+00:00\",\"dateModified\":\"2021-11-17T12:59:06+00:00\",\"description\":\"Vivir en conexi\u00f3n con la naturaleza, con grandes ventanales y vistas panor\u00e1micas a la monta\u00f1a en un lugar lleno de luz. Llama a Haleh al 654.01.10.04 y pregunta por esta vivienda ocasi\u00f3n en Marbella.\u00a0\",\"breadcrumb\":{\"@id\":\"https:\/\/inmobiliariahaleh.com\/wp-content\/uploads\/2020\/06\/2-salon-scaled.jpg#breadcrumb\"},\"inLanguage\":\"es-AR\",\"potentialAction\":[{\"@type\":\"ReadAction\",\"target\":[\"https:\/\/inmobiliariahaleh.com\/wp-content\/uploads\/2020\/06\/2-salon-scaled.jpg\"]}]},{\"@type\":\"BreadcrumbList\",\"@id\":\"https:\/\/inmobiliariahaleh.com\/wp-content\/uploads\/2020\/06\/2-salon-scaled.jpg#breadcrumb\",\"itemListElement\":[{\"@type\":\"ListItem\",\"position\":1,\"name\":\"Portada\",\"item\":\"https:\/\/inmobiliariahaleh.com\/\"},{\"@type\":\"ListItem\",\"position\":2,\"name\":\"El piso de ensue\u00f1o en Benahavis\",\"item\":\"https:\/\/inmobiliariahaleh.com\/propiedad\/apartamento-en-estepona\/\"},{\"@type\":\"ListItem\",\"position\":3,\"name\":\"vivienda ocasi\u00f3n en Marbella salon\"}]},{\"@type\":\"WebSite\",\"@id\":\"https:\/\/inmobiliariahaleh.com\/#website\",\"url\":\"https:\/\/inmobiliariahaleh.com\/\",\"name\":\"Haleh Inmobiliaria\",\"description\":\"Compra o vende tu casa en Marbella\",\"publisher\":{\"@id\":\"https:\/\/inmobiliariahaleh.com\/#organization\"},\"potentialAction\":[{\"@type\":\"SearchAction\",\"target\":{\"@type\":\"EntryPoint\",\"urlTemplate\":\"https:\/\/inmobiliariahaleh.com\/?s={search_term_string}\"},\"query-input\":\"required name=search_term_string\"}],\"inLanguage\":\"es-AR\"},{\"@type\":\"Organization\",\"@id\":\"https:\/\/inmobiliariahaleh.com\/#organization\",\"name\":\"Inmobiliaria Haleh\",\"url\":\"https:\/\/inmobiliariahaleh.com\/\",\"logo\":{\"@type\":\"ImageObject\",\"inLanguage\":\"es-AR\",\"@id\":\"https:\/\/inmobiliariahaleh.com\/#\/schema\/logo\/image\/\",\"url\":\"http:\/\/valladolidabogados.com\/wp-content\/uploads\/2021\/06\/haleh1.png\",\"contentUrl\":\"http:\/\/valladolidabogados.com\/wp-content\/uploads\/2021\/06\/haleh1.png\",\"width\":1866,\"height\":1085,\"caption\":\"Inmobiliaria Haleh\"},\"image\":{\"@id\":\"https:\/\/inmobiliariahaleh.com\/#\/schema\/logo\/image\/\"},\"sameAs\":[\"https:\/\/www.facebook.com\/InmobiliariaHaleh\",\"https:\/\/www.youtube.com\/channel\/UCLEA_LeNRP8bAEmpX6dezKQ\"]}]}<\/script>\n<!-- \/ Yoast SEO plugin. -->","yoast_head_json":{"title":"2 salon &#8211; Inmobiliaria Haleh","description":"Vivir en conexi\u00f3n con la naturaleza, con grandes ventanales y vistas panor\u00e1micas a la monta\u00f1a en un lugar lleno de luz. Llama a Haleh al 654.01.10.04 y pregunta por esta vivienda ocasi\u00f3n en Marbella.\u00a0","robots":{"index":"index","follow":"follow","max-snippet":"max-snippet:-1","max-image-preview":"max-image-preview:large","max-video-preview":"max-video-preview:-1"},"canonical":"https:\/\/inmobiliariahaleh.com\/wp-content\/uploads\/2020\/06\/2-salon-scaled.jpg","og_locale":"es_ES","og_type":"article","og_title":"2 salon &#8211; Inmobiliaria Haleh","og_description":"Vivir en conexi\u00f3n con la naturaleza, con grandes ventanales y vistas panor\u00e1micas a la monta\u00f1a en un lugar lleno de luz. Llama a Haleh al 654.01.10.04 y pregunta por esta vivienda ocasi\u00f3n en Marbella.\u00a0","og_url":"https:\/\/inmobiliariahaleh.com\/wp-content\/uploads\/2020\/06\/2-salon-scaled.jpg","og_site_name":"Inmobiliaria Haleh","article_publisher":"https:\/\/www.facebook.com\/InmobiliariaHaleh","article_modified_time":"2021-11-17T12:59:06+00:00","og_image":[{"width":2560,"height":1440,"url":"https:\/\/inmobiliariahaleh.com\/wp-content\/uploads\/2020\/06\/2-salon-scaled.jpg","type":"image\/jpeg"}],"twitter_card":"summary_large_image","schema":{"@context":"https:\/\/schema.org","@graph":[{"@type":"WebPage","@id":"https:\/\/inmobiliariahaleh.com\/wp-content\/uploads\/2020\/06\/2-salon-scaled.jpg","url":"https:\/\/inmobiliariahaleh.com\/wp-content\/uploads\/2020\/06\/2-salon-scaled.jpg","name":"2 salon &#8211; Inmobiliaria Haleh","isPartOf":{"@id":"https:\/\/inmobiliariahaleh.com\/#website"},"datePublished":"2020-06-30T10:27:11+00:00","dateModified":"2021-11-17T12:59:06+00:00","description":"Vivir en conexi\u00f3n con la naturaleza, con grandes ventanales y vistas panor\u00e1micas a la monta\u00f1a en un lugar lleno de luz. Llama a Haleh al 654.01.10.04 y pregunta por esta vivienda ocasi\u00f3n en Marbella.\u00a0","breadcrumb":{"@id":"https:\/\/inmobiliariahaleh.com\/wp-content\/uploads\/2020\/06\/2-salon-scaled.jpg#breadcrumb"},"inLanguage":"es-AR","potentialAction":[{"@type":"ReadAction","target":["https:\/\/inmobiliariahaleh.com\/wp-content\/uploads\/2020\/06\/2-salon-scaled.jpg"]}]},{"@type":"BreadcrumbList","@id":"https:\/\/inmobiliariahaleh.com\/wp-content\/uploads\/2020\/06\/2-salon-scaled.jpg#breadcrumb","itemListElement":[{"@type":"ListItem","position":1,"name":"Portada","item":"https:\/\/inmobiliariahaleh.com\/"},{"@type":"ListItem","position":2,"name":"El piso de ensue\u00f1o en Benahavis","item":"https:\/\/inmobiliariahaleh.com\/propiedad\/apartamento-en-estepona\/"},{"@type":"ListItem","position":3,"name":"vivienda ocasi\u00f3n en Marbella salon"}]},{"@type":"WebSite","@id":"https:\/\/inmobiliariahaleh.com\/#website","url":"https:\/\/inmobiliariahaleh.com\/","name":"Haleh Inmobiliaria","description":"Compra o vende tu casa en Marbella","publisher":{"@id":"https:\/\/inmobiliariahaleh.com\/#organization"},"potentialAction":[{"@type":"SearchAction","target":{"@type":"EntryPoint","urlTemplate":"https:\/\/inmobiliariahaleh.com\/?s={search_term_string}"},"query-input":"required name=search_term_string"}],"inLanguage":"es-AR"},{"@type":"Organization","@id":"https:\/\/inmobiliariahaleh.com\/#organization","name":"Inmobiliaria Haleh","url":"https:\/\/inmobiliariahaleh.com\/","logo":{"@type":"ImageObject","inLanguage":"es-AR","@id":"https:\/\/inmobiliariahaleh.com\/#\/schema\/logo\/image\/","url":"http:\/\/valladolidabogados.com\/wp-content\/uploads\/2021\/06\/haleh1.png","contentUrl":"http:\/\/valladolidabogados.com\/wp-content\/uploads\/2021\/06\/haleh1.png","width":1866,"height":1085,"caption":"Inmobiliaria Haleh"},"image":{"@id":"https:\/\/inmobiliariahaleh.com\/#\/schema\/logo\/image\/"},"sameAs":["https:\/\/www.facebook.com\/InmobiliariaHaleh","https:\/\/www.youtube.com\/channel\/UCLEA_LeNRP8bAEmpX6dezKQ"]}]}},"smush":{"stats":{"percent":3.1274059674387082,"bytes":48907,"size_before":1563820,"size_after":1514913,"time":0.9700000000000001,"api_version":"1.0","lossy":false,"keep_exif":0},"sizes":{"medium":{"percent":3.75,"bytes":435,"size_before":11609,"size_after":11174,"time":0.01},"large":{"percent":2.95,"bytes":2798,"size_before":94967,"size_after":92169,"time":0.03},"thumbnail":{"percent":4.69,"bytes":258,"size_before":5505,"size_after":5247,"time":0.01},"medium_large":{"percent":2.99,"bytes":1690,"size_before":56594,"size_after":54904,"time":0.02},"1536x1536":{"percent":3.16,"bytes":6429,"size_before":203591,"size_after":197162,"time":0.11},"2048x2048":{"percent":3.36,"bytes":11315,"size_before":336334,"size_after":325019,"time":0.09},"post-thumbnail":{"percent":2.99,"bytes":322,"size_before":10766,"size_after":10444,"time":0.01},"user_picture_profile":{"percent":4.45,"bytes":396,"size_before":8901,"size_after":8505,"time":0.03},"agent_picture_thumb":{"percent":4.95,"bytes":191,"size_before":3860,"size_after":3669,"time":0.04},"blog_thumb":{"percent":3.73,"bytes":406,"size_before":10895,"size_after":10489,"time":0.01},"blog_unit":{"percent":2.96,"bytes":2442,"size_before":82371,"size_after":79929,"time":0.05},"slider_thumb":{"percent":5.61,"bytes":221,"size_before":3942,"size_after":3721,"time":0.03},"property_featured_sidebar":{"percent":3.01,"bytes":2360,"size_before":78279,"size_after":75919,"time":0.04},"property_listings":{"percent":3.21,"bytes":1005,"size_before":31329,"size_after":30324,"time":0.02},"property_full":{"percent":3.07,"bytes":3490,"size_before":113635,"size_after":110145,"time":0.08},"listing_full_slider":{"percent":2.99,"bytes":1979,"size_before":66156,"size_after":64177,"time":0.06},"listing_full_slider_1":{"percent":2.9,"bytes":3196,"size_before":110037,"size_after":106841,"time":0.05},"property_featured":{"percent":3.02,"bytes":2064,"size_before":68369,"size_after":66305,"time":0.07},"property_full_map":{"percent":2.78,"bytes":6851,"size_before":246178,"size_after":239327,"time":0.15},"property_map1":{"percent":3.86,"bytes":584,"size_before":15132,"size_after":14548,"time":0.01},"widget_thumb":{"percent":7.17,"bytes":207,"size_before":2887,"size_after":2680,"time":0.02},"user_thumb":{"percent":10.49,"bytes":138,"size_before":1316,"size_after":1178,"time":0.01},"custom_slider_thumb":{"percent":11.14,"bytes":130,"size_before":1167,"size_after":1037,"time":0.02}}},"description":{"rendered":"<p class=\"qtranxs-available-languages-message qtranxs-available-languages-message-fa\">Lo sentimos, esta entrada se encuentra disponible \u00fanicamente en %LANG:<\/p>"},"caption":{"rendered":"<p>Sal\u00f3n.<br \/>\nActualmente el piso esta sin muebles.<\/p>\n"},"alt_text":"(Espa\u00f1ol) vivienda ocasi\u00f3n en Marbella","media_type":"image","mime_type":"image\/jpeg","media_details":{"width":2560,"height":1440,"file":"2020\/06\/2-salon-scaled.jpg","sizes":{"medium":{"file":"2-salon-300x169.jpg","width":300,"height":169,"mime_type":"image\/jpeg","source_url":"https:\/\/inmobiliariahaleh.com\/wp-content\/uploads\/2020\/06\/2-salon-300x169.jpg"},"large":{"file":"2-salon-1024x576.jpg","width":1024,"height":576,"mime_type":"image\/jpeg","source_url":"https:\/\/inmobiliariahaleh.com\/wp-content\/uploads\/2020\/06\/2-salon-1024x576.jpg"},"thumbnail":{"file":"2-salon-150x150.jpg","width":150,"height":150,"mime_type":"image\/jpeg","source_url":"https:\/\/inmobiliariahaleh.com\/wp-content\/uploads\/2020\/06\/2-salon-150x150.jpg"},"medium_large":{"file":"2-salon-768x432.jpg","width":768,"height":432,"mime_type":"image\/jpeg","source_url":"https:\/\/inmobiliariahaleh.com\/wp-content\/uploads\/2020\/06\/2-salon-768x432.jpg"},"1536x1536":{"file":"2-salon-1536x864.jpg","width":1536,"height":864,"mime_type":"image\/jpeg","source_url":"https:\/\/inmobiliariahaleh.com\/wp-content\/uploads\/2020\/06\/2-salon-1536x864.jpg"},"2048x2048":{"file":"2-salon-2048x1152.jpg","width":2048,"height":1152,"mime_type":"image\/jpeg","source_url":"https:\/\/inmobiliariahaleh.com\/wp-content\/uploads\/2020\/06\/2-salon-2048x1152.jpg"},"post-thumbnail":{"file":"2-salon-250x220.jpg","width":250,"height":220,"mime_type":"image\/jpeg","source_url":"https:\/\/inmobiliariahaleh.com\/wp-content\/uploads\/2020\/06\/2-salon-250x220.jpg"},"user_picture_profile":{"file":"2-salon-255x143.jpg","width":255,"height":143,"mime_type":"image\/jpeg","source_url":"https:\/\/inmobiliariahaleh.com\/wp-content\/uploads\/2020\/06\/2-salon-255x143.jpg"},"agent_picture_thumb":{"file":"2-salon-120x120.jpg","width":120,"height":120,"mime_type":"image\/jpeg","source_url":"https:\/\/inmobiliariahaleh.com\/wp-content\/uploads\/2020\/06\/2-salon-120x120.jpg"},"blog_thumb":{"file":"2-salon-272x189.jpg","width":272,"height":189,"mime_type":"image\/jpeg","source_url":"https:\/\/inmobiliariahaleh.com\/wp-content\/uploads\/2020\/06\/2-salon-272x189.jpg"},"blog_unit":{"file":"2-salon-1110x385.jpg","width":1110,"height":385,"mime_type":"image\/jpeg","source_url":"https:\/\/inmobiliariahaleh.com\/wp-content\/uploads\/2020\/06\/2-salon-1110x385.jpg"},"slider_thumb":{"file":"2-salon-143x83.jpg","width":143,"height":83,"mime_type":"image\/jpeg","source_url":"https:\/\/inmobiliariahaleh.com\/wp-content\/uploads\/2020\/06\/2-salon-143x83.jpg"},"property_featured_sidebar":{"file":"2-salon-768x662.jpg","width":768,"height":662,"mime_type":"image\/jpeg","source_url":"https:\/\/inmobiliariahaleh.com\/wp-content\/uploads\/2020\/06\/2-salon-768x662.jpg"},"property_listings":{"file":"2-salon-525x328.jpg","width":525,"height":328,"mime_type":"image\/jpeg","source_url":"https:\/\/inmobiliariahaleh.com\/wp-content\/uploads\/2020\/06\/2-salon-525x328.jpg"},"property_full":{"file":"2-salon-980x777.jpg","width":980,"height":777,"mime_type":"image\/jpeg","source_url":"https:\/\/inmobiliariahaleh.com\/wp-content\/uploads\/2020\/06\/2-salon-980x777.jpg"},"listing_full_slider":{"file":"2-salon-835x467.jpg","width":835,"height":467,"mime_type":"image\/jpeg","source_url":"https:\/\/inmobiliariahaleh.com\/wp-content\/uploads\/2020\/06\/2-salon-835x467.jpg"},"listing_full_slider_1":{"file":"2-salon-1110x623.jpg","width":1110,"height":623,"mime_type":"image\/jpeg","source_url":"https:\/\/inmobiliariahaleh.com\/wp-content\/uploads\/2020\/06\/2-salon-1110x623.jpg"},"property_featured":{"file":"2-salon-940x390.jpg","width":940,"height":390,"mime_type":"image\/jpeg","source_url":"https:\/\/inmobiliariahaleh.com\/wp-content\/uploads\/2020\/06\/2-salon-940x390.jpg"},"property_full_map":{"file":"2-salon-1920x790.jpg","width":1920,"height":790,"mime_type":"image\/jpeg","source_url":"https:\/\/inmobiliariahaleh.com\/wp-content\/uploads\/2020\/06\/2-salon-1920x790.jpg"},"property_map1":{"file":"2-salon-400x161.jpg","width":400,"height":161,"mime_type":"image\/jpeg","source_url":"https:\/\/inmobiliariahaleh.com\/wp-content\/uploads\/2020\/06\/2-salon-400x161.jpg"},"widget_thumb":{"file":"2-salon-105x70.jpg","width":105,"height":70,"mime_type":"image\/jpeg","source_url":"https:\/\/inmobiliariahaleh.com\/wp-content\/uploads\/2020\/06\/2-salon-105x70.jpg"},"user_thumb":{"file":"2-salon-45x45.jpg","width":45,"height":45,"mime_type":"image\/jpeg","source_url":"https:\/\/inmobiliariahaleh.com\/wp-content\/uploads\/2020\/06\/2-salon-45x45.jpg"},"custom_slider_thumb":{"file":"2-salon-36x36.jpg","width":36,"height":36,"mime_type":"image\/jpeg","source_url":"https:\/\/inmobiliariahaleh.com\/wp-content\/uploads\/2020\/06\/2-salon-36x36.jpg"},"full":{"file":"2-salon-scaled.jpg","width":2560,"height":1440,"mime_type":"image\/jpeg","source_url":"https:\/\/inmobiliariahaleh.com\/wp-content\/uploads\/2020\/06\/2-salon-scaled.jpg"}},"image_meta":{"aperture":"2.2","credit":"","camera":"SM-N975F","caption":"","created_timestamp":"1593264262","copyright":"","focal_length":"1.8","iso":"64","shutter_speed":"0.02","title":"","orientation":"1","keywords":[]},"original_image":"2-salon.jpg"},"post":20853,"source_url":"https:\/\/inmobiliariahaleh.com\/wp-content\/uploads\/2020\/06\/2-salon-scaled.jpg","_links":{"self":[{"href":"https:\/\/inmobiliariahaleh.com\/fa\/wp-json\/wp\/v2\/media\/20978"}],"collection":[{"href":"https:\/\/inmobiliariahaleh.com\/fa\/wp-json\/wp\/v2\/media"}],"about":[{"href":"https:\/\/inmobiliariahaleh.com\/fa\/wp-json\/wp\/v2\/types\/attachment"}],"author":[{"embeddable":true,"href":"https:\/\/inmobiliariahaleh.com\/fa\/wp-json\/wp\/v2\/users\/3"}],"replies":[{"embeddable":true,"href":"https:\/\/inmobiliariahaleh.com\/fa\/wp-json\/wp\/v2\/comments?post=20978"}]}}