{"id":19804,"date":"2018-05-17T11:49:57","date_gmt":"2018-05-17T09:49:57","guid":{"rendered":"http:\/\/valladolidabogados.com\/?page_id=19804"},"modified":"2018-07-28T19:53:31","modified_gmt":"2018-07-28T17:53:31","slug":"inmueble-ref-158","status":"publish","type":"page","link":"https:\/\/inmobiliariahaleh.com\/fa\/inmueble-ref-158\/","title":{"rendered":"Inmueble Ref. 158"},"content":{"rendered":"<p><span class=\"tve_image_frame\" style=\"width: 100%;\"><a href=\"http:\/\/valladolidabogados.com\/wp-content\/uploads\/2017\/03\/favicon_haleh.png\" rel=\"\"><img fetchpriority=\"high\" decoding=\"async\" class=\"tve_image wp-image-18410\" alt=\"\" width=\"310\" height=\"310\" title=\"favicon_haleh\" data-id=\"18410\" src=\"\/\/valladolidabogados.com\/wp-content\/uploads\/2017\/03\/favicon_haleh.png\" style=\"width: 100%;\" srcset=\"https:\/\/inmobiliariahaleh.com\/wp-content\/uploads\/2017\/03\/favicon_haleh.png 310w, https:\/\/inmobiliariahaleh.com\/wp-content\/uploads\/2017\/03\/favicon_haleh-150x150.png 150w, https:\/\/inmobiliariahaleh.com\/wp-content\/uploads\/2017\/03\/favicon_haleh-300x300.png 300w, https:\/\/inmobiliariahaleh.com\/wp-content\/uploads\/2017\/03\/favicon_haleh-120x120.png 120w, https:\/\/inmobiliariahaleh.com\/wp-content\/uploads\/2017\/03\/favicon_haleh-45x45.png 45w, https:\/\/inmobiliariahaleh.com\/wp-content\/uploads\/2017\/03\/favicon_haleh-36x36.png 36w\" sizes=\"(max-width: 310px) 100vw, 310px\" \/><\/a><\/span><\/p>\n<p data-css=\"tve-u-161b8ac2219\"><span data-css=\"tve-u-161b8ac221b\">00158<\/span><\/p>\n<p data-css=\"tve-u-1638eafb2c2\"><span data-css=\"tve-u-161b8ac221b\">Amplio piso en Estepona<\/span><\/p>\n<p data-css=\"tve-u-16344b643eb\"><span data-css=\"tve-u-161b8ac221b\">Dormitorios: 3<\/span><\/p>\n<p data-css=\"tve-u-16344b8286c\">Ba\u00f1os: 1<\/p>\n<p data-css=\"tve-u-16344b699eb\"><span data-css=\"tve-u-161b8ac221b\">Ascensor: Si<\/span><\/p>\n<p data-css=\"tve-u-16344b6be01\"><span data-css=\"tve-u-161b8ac221b\">Garaje: No<\/span><\/p>\n<p data-css=\"tve-u-16344b6f1f3\"><span data-css=\"tve-u-161b8ac221b\">M\u00b2: 146<\/span><\/p>\n<p data-css=\"tve-u-1634476e4ba\"><span data-css=\"tve-u-161b8ac221b\">139.000\u20ac (952\u20ac\/m<span data-css=\"tve-u-161b8ac221b\">\u00b2)<\/span><\/span><\/p>\n<h1 data-css=\"tve-u-161b8604d35\"><span data-css=\"tve-u-161b8602870\">Descripci\u00f3n<\/span><\/h1>\n<p data-css=\"tve-u-1635ff81c9a\"><span data-css=\"tve-u-1635ff7bb69\" style=\"font-size: 18px;\">Te quiero presentar una vivienda que tiene las 3 grandes virtudes a los que aspiramos cuando buscamos una vivienda. Estos encantos son la ubicaci\u00f3n, su gran luminosidad y su considerable amplitud.<\/span><\/p>\n<p data-css=\"tve-u-1635ff81ca7\"><span data-css=\"tve-u-1635ff7cce4\" style=\"font-size: 18px;\">El piso se encuentra en pleno centro de Estepona, a dos pasos de la calle Terraza. Por lo tanto, se encuentra cerca de todos los servicios y tiendas que puedas necesitar diariamente. Y cuando la familia crece, estar\u00e1s conmigo en que ahorrar tiempo en las gestiones del d\u00eda a d\u00eda es una necesidad y un placer a partes iguales. La realidad es que es un lujo vivir en un piso tan amplio en un sitio tan privilegiado.<\/span><\/p>\n<p data-css=\"tve-u-1635ff81ca9\"><span data-css=\"tve-u-1635ff7ce16\" style=\"font-size: 18px;\">Este amplio piso en Estepona pertenece a un edificio de 4 plantas con ascensor. Su disposici\u00f3n en la tercera planta del edificio lo dota de unas espectaculares vistas, as\u00ed como una gran iluminaci\u00f3n.<\/span><\/p>\n<p data-css=\"tve-u-1635ff81cad\"><span data-css=\"tve-u-1635ff7cf33\" style=\"font-size: 18px;\">Cuenta con 3 dormitorios en un espacio de 146 metros cuadrados. El primer dormitorio es doble y cuenta con 12 m<sup>2<\/sup>. Aprovechar\u00e1s aun m\u00e1s el espacio porque no necesitar\u00e1s poner un armario en la habitaci\u00f3n ya que dispone de uno empotrado.<\/span><\/p>\n<p data-css=\"tve-u-1635ff81cb2\"><span data-css=\"tve-u-1635ff7d086\" style=\"font-size: 18px;\"><a data-pretty=\"prettyPhoto\" href=\"http:\/\/valladolidabogados.com\/wp-content\/uploads\/2018\/02\/IMG_20180221_1213551.jpg\" title=\"Amplio piso en Estepona\"><img decoding=\"async\" src=\"http:\/\/valladolidabogados.com\/wp-content\/uploads\/2018\/02\/IMG_20180221_1213551.jpg\" alt=\"\" width=\"4032\" height=\"2240\"><\/a><\/span><span data-css=\"tve-u-1635ff7d2c4\" style=\"font-size: 18px;\">El segundo dormitorio tambi\u00e9n doble incrementa su espacio a 15 m<sup>2<\/sup>. Y finalmente, culminamos con el dormitorio principal de 19 m<sup>2<\/sup>. Su sensaci\u00f3n visual es de a\u00fan mayores dimensiones ya que cuenta con una terraza de 12 m<sup>2<\/sup>&nbsp;con vistas al dinamismo de la ciudad y de tel\u00f3n de fondo la majestuosidad de la monta\u00f1a.<\/span><\/p>\n<p data-css=\"tve-u-1635ff81cb7\"><span data-css=\"tve-u-1635ff7d3fc\" style=\"font-size: 18px;\">&nbsp;<\/span><span data-css=\"tve-u-1635ff7d653\" style=\"font-size: 18px;\">Una parte muy importante de todo hogar es el sal\u00f3n, ya que pasamos gran parte de nuestro d\u00eda reunidos en esa estancia. Tambi\u00e9n, se convierte en el espacio de reuni\u00f3n de amigos y familiares que vienen a visitarnos. En este caso, contamos con un amplio sal\u00f3n de 35 m<sup>2&nbsp;<\/sup>donde podremos crear diferentes ambientes a nuestro gusto. Al igual que el resto del amplio piso, el sal\u00f3n es muy luminoso y da directamente a una terraza de 12 m<sup>2<\/sup>&nbsp;con vistas a la preciosa ciudad de Estepona.<\/span><\/p>\n<p data-css=\"tve-u-1635ff81cbd\"><span data-css=\"tve-u-1635ff7d76d\" style=\"font-size: 18px;\"><a data-pretty=\"prettyPhoto\" href=\"http:\/\/valladolidabogados.com\/wp-content\/uploads\/2018\/02\/IMG_20180221_121200.jpg\" title=\"Amplio piso en Estepona\"><img decoding=\"async\" src=\"http:\/\/valladolidabogados.com\/wp-content\/uploads\/2018\/02\/IMG_20180221_121200.jpg\" alt=\"\" width=\"1041\" height=\"649\"><\/a><\/span><span data-css=\"tve-u-1635ff7d9d9\" style=\"font-size: 18px;\"><a data-pretty=\"prettyPhoto\" href=\"http:\/\/valladolidabogados.com\/wp-content\/uploads\/2018\/02\/SALON-35-M2.jpg\" title=\"Amplio piso en Estepona\"><img loading=\"lazy\" decoding=\"async\" src=\"http:\/\/valladolidabogados.com\/wp-content\/uploads\/2018\/02\/SALON-35-M2.jpg\" alt=\"\" width=\"4032\" height=\"2240\"><\/a><\/span><span data-css=\"tve-u-1635ff7bb8a\" style=\"font-size: 18px;\">Tal y como habr\u00e1s le\u00eddo, este amplio piso en Estepona tiene todo lo necesario para poder entrar a vivir ahora mismo si lo deseas: tiene una localizaci\u00f3n espectacular, unas dimensiones dif\u00edciles de encontrar en una vivienda en pleno centro de Estepona y mucha luz que dar\u00e1 alegr\u00eda a tu hogar. Sin embargo, si tienes la capacidad econ\u00f3mica de invertir un poco de dinero en reformar algunos detalles de la vivienda, podr\u00edas tener un piso de lujo en la mejor zona de Estepona.<\/span><\/p>\n<p data-css=\"tve-u-1635ff75acf\">Si quieres saber m\u00e1s sobre este amplio piso en Estepona o concertar una visita, llama ahora. Estaremos encantados de ayudarte.<\/p>\n<p><span class=\"tve_image_frame\" style=\"width: 100%;\"><a href=\"http:\/\/valladolidabogados.com\/wp-content\/uploads\/2018\/05\/IMG_20180221_1213551.jpg\" rel=\"\" target=\"_blank\"><img loading=\"lazy\" decoding=\"async\" class=\"tve_image wp-image-19815\" alt=\"\" width=\"4032\" height=\"2240\" title=\"IMG_20180221_121355(1)\" data-id=\"19815\" src=\"\/\/valladolidabogados.com\/wp-content\/uploads\/2018\/05\/IMG_20180221_1213551.jpg\" style=\"width: 100%;\" srcset=\"https:\/\/inmobiliariahaleh.com\/wp-content\/uploads\/2018\/05\/IMG_20180221_1213551.jpg 4032w, https:\/\/inmobiliariahaleh.com\/wp-content\/uploads\/2018\/05\/IMG_20180221_1213551-300x167.jpg 300w, https:\/\/inmobiliariahaleh.com\/wp-content\/uploads\/2018\/05\/IMG_20180221_1213551-768x427.jpg 768w, https:\/\/inmobiliariahaleh.com\/wp-content\/uploads\/2018\/05\/IMG_20180221_1213551-1024x569.jpg 1024w, https:\/\/inmobiliariahaleh.com\/wp-content\/uploads\/2018\/05\/IMG_20180221_1213551-255x143.jpg 255w\" sizes=\"(max-width: 4032px) 100vw, 4032px\" \/><\/a><\/span><span class=\"tve_image_frame\" style=\"width: 100%;\"><a href=\"http:\/\/valladolidabogados.com\/wp-content\/uploads\/2018\/05\/IMG_20180221_121219-1.jpg\" rel=\"\" target=\"_blank\"><img loading=\"lazy\" decoding=\"async\" class=\"tve_image wp-image-19814\" alt=\"\" width=\"1124\" height=\"660\" title=\"IMG_20180221_121219 (1)\" data-id=\"19814\" src=\"\/\/valladolidabogados.com\/wp-content\/uploads\/2018\/05\/IMG_20180221_121219-1.jpg\" style=\"width: 100%;\" srcset=\"https:\/\/inmobiliariahaleh.com\/wp-content\/uploads\/2018\/05\/IMG_20180221_121219-1.jpg 1124w, https:\/\/inmobiliariahaleh.com\/wp-content\/uploads\/2018\/05\/IMG_20180221_121219-1-300x176.jpg 300w, https:\/\/inmobiliariahaleh.com\/wp-content\/uploads\/2018\/05\/IMG_20180221_121219-1-768x451.jpg 768w, https:\/\/inmobiliariahaleh.com\/wp-content\/uploads\/2018\/05\/IMG_20180221_121219-1-1024x601.jpg 1024w, https:\/\/inmobiliariahaleh.com\/wp-content\/uploads\/2018\/05\/IMG_20180221_121219-1-143x83.jpg 143w\" sizes=\"(max-width: 1124px) 100vw, 1124px\" \/><\/a><\/span><span class=\"tve_image_frame\" style=\"width: 100%;\"><a href=\"http:\/\/valladolidabogados.com\/wp-content\/uploads\/2018\/05\/IMG_20180221_121200.jpg\" rel=\"\" target=\"_blank\"><img loading=\"lazy\" decoding=\"async\" class=\"tve_image wp-image-19813\" alt=\"\" width=\"4032\" height=\"2240\" title=\"IMG_20180221_121200\" data-id=\"19813\" src=\"\/\/valladolidabogados.com\/wp-content\/uploads\/2018\/05\/IMG_20180221_121200.jpg\" style=\"width: 100%;\"><\/a><\/span><\/p>\n<h2 class=\"\" data-css=\"tve-u-161b90a4133\" style=\"text-align: center;\"><span data-css=\"tve-u-161b90a12c7\">Informaci\u00f3n de tu inter\u00e9s<\/span><\/h2>\n<p data-css=\"tve-u-161b90d6181\" style=\"text-align: center;\"><span data-css=\"tve-u-161b90d2b6c\">PRECIO DEL INMUEBLE 139.000 \u20ac (952\u20ac\/m<span data-css=\"tve-u-161b8ac221b\"><span data-css=\"tve-u-161b8ac221b\">\u00b2)<\/span><\/span><\/span><\/p>\n<h5 class=\"\" data-css=\"tve-u-161e1247308\" style=\"text-align: center;\">Precio promedio de pisos similares&nbsp;<\/h5>\n<p data-css=\"tve-u-161b93e5065\" style=\"text-align: center;\"><strong>1.426 \u20ac\/m<\/strong><span data-css=\"tve-u-163464f6a87\"><span data-css=\"tve-u-163464f6aad\"><strong>\u00b2<\/strong><\/span><\/span><\/p>\n<h5 data-css=\"tve-u-161e1248651\" style=\"text-align: center;\">Valoraci\u00f3n del inmueble por Bankia<\/h5>\n<h5 class=\"\" data-css=\"tve-u-161bdfbbc38\" style=\"text-align: center;\"><strong>246.767 \u20ac<\/strong><strong>&nbsp;(1.690<\/strong><strong>&nbsp;\u20ac\/m<\/strong><span data-css=\"tve-u-163465586e9\"><span data-css=\"tve-u-16346558714\"><strong>\u00b2)<\/strong><\/span><\/span><\/h5>\n<h5 class=\"\" data-css=\"tve-u-161e1249a2b\" style=\"text-align: center;\">Valoraci\u00f3n del inmueble por Trovimap<\/h5>\n<p data-css=\"tve-u-161b9386d34\" style=\"text-align: center;\"><strong>183.967 \u20ac&nbsp;<strong>(<\/strong><strong>1.260 \u20ac\/m<\/strong><span data-css=\"tve-u-163465586e9\"><span data-css=\"tve-u-16346558714\"><strong>\u00b2)<\/strong><\/span><\/span><\/strong><\/p>\n<p data-css=\"tve-u-1636d932d74\"><span data-css=\"tve-u-161c226bb30\">Haleh Owrang<strong>Asesora inmobiliariahaleh@InmobiliariaHaleh.com<\/strong><strong><\/strong>(+34) 654 011 004<\/span><\/p>\n<p style=\"\">\n\n<div class=\"wpcf7 no-js\" id=\"wpcf7-f18748-o1\" lang=\"es-ES\" dir=\"ltr\">\n<div class=\"screen-reader-response\"><p role=\"status\" aria-live=\"polite\" aria-atomic=\"true\"><\/p> <ul><\/ul><\/div>\n<form action=\"\/fa\/wp-json\/wp\/v2\/pages\/19804#wpcf7-f18748-o1\" method=\"post\" class=\"wpcf7-form init\" aria-label=\"Formulario de contacto\" novalidate=\"novalidate\" data-status=\"init\">\n<div style=\"display: none;\">\n<input type=\"hidden\" name=\"_wpcf7\" value=\"18748\" \/>\n<input type=\"hidden\" name=\"_wpcf7_version\" value=\"5.8.5\" \/>\n<input type=\"hidden\" name=\"_wpcf7_locale\" value=\"es_ES\" \/>\n<input type=\"hidden\" name=\"_wpcf7_unit_tag\" value=\"wpcf7-f18748-o1\" \/>\n<input type=\"hidden\" name=\"_wpcf7_container_post\" value=\"0\" \/>\n<input type=\"hidden\" name=\"_wpcf7_posted_data_hash\" value=\"\" \/>\n<\/div>\n<div id=\"contacto-form\">\n\t<div class=\"row\">\n\t\t<div class=\"col-md-4\">\n\t\t\t<p><span class=\"wpcf7-form-control-wrap\" data-name=\"nombre\"><input size=\"40\" class=\"wpcf7-form-control wpcf7-text wpcf7-validates-as-required\" aria-required=\"true\" aria-invalid=\"false\" placeholder=\"Nombre*\" value=\"\" type=\"text\" name=\"nombre\" \/><\/span>\n\t\t\t<\/p>\n\t\t<\/div>\n\t\t<div class=\"col-md-4\">\n\t\t\t<p><span class=\"wpcf7-form-control-wrap\" data-name=\"email\"><input size=\"40\" class=\"wpcf7-form-control wpcf7-email wpcf7-validates-as-required wpcf7-text wpcf7-validates-as-email\" aria-required=\"true\" aria-invalid=\"false\" placeholder=\"Email*\" value=\"\" type=\"email\" name=\"email\" \/><\/span>\n\t\t\t<\/p>\n\t\t<\/div>\n\t\t<div class=\"col-md-4\">\n\t\t\t<p><span class=\"wpcf7-form-control-wrap\" data-name=\"phone\"><input size=\"40\" class=\"wpcf7-form-control wpcf7-tel wpcf7-text wpcf7-validates-as-tel\" aria-invalid=\"false\" placeholder=\"Tel\u00e9fono\" value=\"\" type=\"tel\" name=\"phone\" \/><\/span>\n\t\t\t<\/p>\n\t\t<\/div>\n\t<\/div>\n\t<div class=\"row\">\n\t\t<div class=\"col-md-12\">\n\t\t\t<p><span class=\"wpcf7-form-control-wrap\" data-name=\"mensaje\"><textarea cols=\"40\" rows=\"4\" class=\"wpcf7-form-control wpcf7-textarea\" aria-invalid=\"false\" placeholder=\"Escriba aqu\u00ed su mensaje.\" name=\"mensaje\"><\/textarea><\/span><br \/>\n<small style=\"color:#fff;\"><em>El env\u00edo del formulario implica la aceptaci\u00f3n de la <a href=\"\/politica-de-privacidad\/\" style=\"color:#fff;\" target=\"_blank\"><u>pol\u00edtica de privacidad de Inmobiliaria Haleh<\/u><\/a>.<\/em><\/small><br \/>\n<input class=\"wpcf7-form-control wpcf7-submit has-spinner\" type=\"submit\" value=\"Enviar mensaje\" \/>\n\t\t\t<\/p>\n\t\t<\/div>\n\t<\/div>\n<\/div><div class=\"wpcf7-response-output\" aria-hidden=\"true\"><\/div>\n<\/form>\n<\/div>\n\n<p data-css=\"tve-u-161d26a8724\"><span data-css=\"tve-u-161d26a8729\" style=\"font-family: &quot;Josefin Sans&quot;; font-weight: 300;\">Copyright \u00a9 2017 Haleh Inmobiliaria. Todos los derechos reservados.<\/span><\/p>\n<p><span class=\"tve_image_frame\"><img loading=\"lazy\" decoding=\"async\" class=\"tve_image wp-image-19766\" alt=\"\" width=\"1920\" height=\"1281\" title=\"money-2696219_1920\" data-id=\"19766\" src=\"\/\/valladolidabogados.com\/wp-content\/uploads\/2018\/05\/money-2696219_1920.jpg\" srcset=\"https:\/\/inmobiliariahaleh.com\/wp-content\/uploads\/2018\/05\/money-2696219_1920.jpg 1920w, https:\/\/inmobiliariahaleh.com\/wp-content\/uploads\/2018\/05\/money-2696219_1920-300x200.jpg 300w, https:\/\/inmobiliariahaleh.com\/wp-content\/uploads\/2018\/05\/money-2696219_1920-768x512.jpg 768w, https:\/\/inmobiliariahaleh.com\/wp-content\/uploads\/2018\/05\/money-2696219_1920-1024x683.jpg 1024w, https:\/\/inmobiliariahaleh.com\/wp-content\/uploads\/2018\/05\/money-2696219_1920-105x70.jpg 105w\" sizes=\"(max-width: 1920px) 100vw, 1920px\" \/><\/span><\/p>\n<h4 data-css=\"tve-u-161bddf6a09\" style=\"text-align: left;\"><span data-css=\"tve-u-161c2bbe4da\">GASTOS DE LA VIVIENDA<\/span><\/h4>\n<ul class=\"tcb-styled-list\">\n<li class=\"thrv-styled-list-item\" data-css=\"tve-u-161c2543f27\" style=\"\"><span class=\"thrv-advanced-inline-text tve_editable tcb-styled-list-icon-text tcb-no-delete\" data-css=\"tve-u-161bcb3415f\" style=\"\">IBI: 280\u20ac (Con descuento para residentes) o 556\u20ac (sin descuento)<\/span><\/li>\n<li class=\"thrv-styled-list-item\"><span class=\"thrv-advanced-inline-text tve_editable tcb-styled-list-icon-text tcb-no-delete\" data-css=\"tve-u-161c2531e0f\"><span data-css=\"tve-u-161bcb39826\" style=\"font-family: &quot;Josefin Sans&quot;; font-weight: 400;\">Basura: 150\u20ac<\/span><\/span><\/li>\n<li class=\"thrv-styled-list-item\"><span class=\"thrv-advanced-inline-text tve_editable tcb-styled-list-icon-text tcb-no-delete\" data-css=\"tve-u-161bcd2826d\"><span data-css=\"tve-u-161bcb39826\" style=\"font-family: &quot;Josefin Sans&quot;; font-weight: 400;\">Gastos de comunidad: 46\u20ac<\/span><\/span><\/li>\n<li class=\"thrv-styled-list-item\"><span class=\"thrv-advanced-inline-text tve_editable tcb-styled-list-icon-text tcb-no-delete\" data-css=\"tve-u-161bcd2826d\"><span data-css=\"tve-u-161bcb39826\" style=\"font-family: &quot;Josefin Sans&quot;; font-weight: 400;\">Estimaci\u00f3n de alquiler mensual: 900\u20ac<\/span><\/span><\/li>\n<li class=\"thrv-styled-list-item tcb-excluded-from-group-item\" style=\"\"><span class=\"thrv-advanced-inline-text tve_editable tcb-styled-list-icon-text tcb-no-delete\" data-css=\"tve-u-161bcd2826d\"><span data-css=\"tve-u-161bcb39826\" style=\"font-family: &quot;Josefin Sans&quot;; font-weight: 400;\">Rentabilidad de alquiler: 6.5%<\/span><\/span><\/li>\n<li class=\"thrv-styled-list-item\"><span class=\"thrv-advanced-inline-text tve_editable tcb-styled-list-icon-text tcb-no-delete\" data-css=\"tve-u-161bcd2826d\"><span data-css=\"tve-u-161bcb39826\" style=\"font-family: &quot;Josefin Sans&quot;; font-weight: 400;\">Previsi\u00f3n de subida anual de precios: 8.10%<\/span><\/span><\/li>\n<li class=\"thrv-styled-list-item\" data-css=\"tve-u-161c2543f27\">bullseye<span class=\"thrv-advanced-inline-text tve_editable tcb-styled-list-icon-text tcb-no-delete tcb-no-save\" data-css=\"tve-u-161bcb3415f\">RENTABILIDAD TOTAL: 14.60%<\/span><\/li>\n<\/ul>\n<h4 data-css=\"tve-u-161bddf6a09\" style=\"text-align: left;\"><span data-css=\"tve-u-161c2bbe4da\">Gastos de compraventa<\/span><\/h4>\n<ul class=\"tcb-styled-list\">\n<li class=\"thrv-styled-list-item\" data-css=\"tve-u-161c2543f27\" style=\"\"><span class=\"thrv-advanced-inline-text tve_editable tcb-styled-list-icon-text tcb-no-delete\" data-css=\"tve-u-16381f91087\" style=\"\">Impuesto de transmisi\u00f3n patrimonial: 11.120\u20ac aprox.<\/span><\/li>\n<li class=\"thrv-styled-list-item\"><span class=\"thrv-advanced-inline-text tve_editable tcb-styled-list-icon-text tcb-no-delete\" data-css=\"tve-u-16381f910a6\"><span data-css=\"tve-u-16381f9119d\" style=\"font-family: &quot;Josefin Sans&quot;; font-weight: 400;\"><\/span>Gasto notarial: 710\u20ac aprox.<\/span><\/li>\n<li class=\"thrv-styled-list-item\"><span class=\"thrv-advanced-inline-text tve_editable tcb-styled-list-icon-text tcb-no-delete\" data-css=\"tve-u-16381f910b2\"><span data-css=\"tve-u-16381f911ab\" style=\"font-family: &quot;Josefin Sans&quot;; font-weight: 400;\">Gastos de registro: 470\u20ac aprox.<\/span><\/span><\/li>\n<li class=\"thrv-styled-list-item\"><span class=\"thrv-advanced-inline-text tve_editable tcb-styled-list-icon-text tcb-no-delete\" data-css=\"tve-u-16381f910bf\"><span data-css=\"tve-u-16381f911b8\" style=\"font-family: &quot;Josefin Sans&quot;; font-weight: 400;\">TOTAL GASTOS APROXIMADOS: 12.300\u20ac<\/span><\/span><\/li>\n<\/ul>\n<p><span class=\"tve_image_frame\"><img loading=\"lazy\" decoding=\"async\" class=\"tve_image wp-image-19769\" alt=\"\" width=\"1920\" height=\"1920\" title=\"house-purchase-1019764_1920\" data-id=\"19769\" src=\"\/\/valladolidabogados.com\/wp-content\/uploads\/2018\/05\/house-purchase-1019764_1920.jpg\" srcset=\"https:\/\/inmobiliariahaleh.com\/wp-content\/uploads\/2018\/05\/house-purchase-1019764_1920.jpg 1920w, https:\/\/inmobiliariahaleh.com\/wp-content\/uploads\/2018\/05\/house-purchase-1019764_1920-150x150.jpg 150w, https:\/\/inmobiliariahaleh.com\/wp-content\/uploads\/2018\/05\/house-purchase-1019764_1920-300x300.jpg 300w, https:\/\/inmobiliariahaleh.com\/wp-content\/uploads\/2018\/05\/house-purchase-1019764_1920-768x768.jpg 768w, https:\/\/inmobiliariahaleh.com\/wp-content\/uploads\/2018\/05\/house-purchase-1019764_1920-1024x1024.jpg 1024w, https:\/\/inmobiliariahaleh.com\/wp-content\/uploads\/2018\/05\/house-purchase-1019764_1920-120x120.jpg 120w, https:\/\/inmobiliariahaleh.com\/wp-content\/uploads\/2018\/05\/house-purchase-1019764_1920-45x45.jpg 45w, https:\/\/inmobiliariahaleh.com\/wp-content\/uploads\/2018\/05\/house-purchase-1019764_1920-36x36.jpg 36w\" sizes=\"(max-width: 1920px) 100vw, 1920px\" \/><\/span><\/p>\n<h4 data-css=\"tve-u-161bddf6a09\" style=\"text-align: left;\"><span data-css=\"tve-u-161c2bbe4da\">Financiaci\u00f3n<\/span><\/h4>\n<ul class=\"tcb-styled-list\">\n<li class=\"thrv-styled-list-item\" data-css=\"tve-u-161c2543f27\" style=\"\"><span class=\"thrv-advanced-inline-text tve_editable tcb-styled-list-icon-text tcb-no-delete\" data-css=\"tve-u-161bcb3415f\" style=\"\">Las entidades bancarias habitualmente prestan el 80% del precio de la vivienda o tasaci\u00f3n. En este caso, ser\u00eda aproximadamente: 111.200\u20ac<\/span><\/li>\n<li class=\"thrv-styled-list-item\"><span class=\"thrv-advanced-inline-text tve_editable tcb-styled-list-icon-text tcb-no-delete\" data-css=\"tve-u-161bcd2826d\"><span data-css=\"tve-u-161bcb39826\" style=\"font-family: &quot;Josefin Sans&quot;; font-weight: 400;\">La cuota mensual quedar\u00eda en: 405\u20ac aproximadamente.<\/span><\/span><\/li>\n<\/ul>\n<p><span class=\"tve_image_frame\" style=\"width: 100%;\"><img loading=\"lazy\" decoding=\"async\" class=\"tve_image wp-image-19822\" alt=\"\" width=\"560\" height=\"397\" title=\"\u20ac\" data-id=\"19822\" src=\"\/\/valladolidabogados.com\/wp-content\/uploads\/2018\/05\/\u20ac.png\" style=\"width: 100%;\" srcset=\"https:\/\/inmobiliariahaleh.com\/wp-content\/uploads\/2018\/05\/\u20ac.png 560w, https:\/\/inmobiliariahaleh.com\/wp-content\/uploads\/2018\/05\/\u20ac-300x213.png 300w\" sizes=\"(max-width: 560px) 100vw, 560px\" \/><\/span><span class=\"tve_image_frame\" style=\"width: 100%;\"><a href=\"http:\/\/valladolidabogados.com\/wp-content\/uploads\/2017\/12\/Mercedes-e1523560786535.jpg\" rel=\"\"><img loading=\"lazy\" decoding=\"async\" class=\"tve_image wp-image-19375\" alt=\"\" width=\"151\" height=\"334\" title=\"Mercedes\" data-id=\"19375\" src=\"\/\/valladolidabogados.com\/wp-content\/uploads\/2017\/12\/Mercedes-e1523560786535.jpg\" style=\"width: 100%;\"><\/a><\/span><\/p>\n<p data-css=\"tve-u-161c2617e64\" style=\"text-align: center;\"><span data-css=\"tve-u-161bdf32952\" style=\"font-family: Limelight; font-weight: 400;\">\u201c<\/span><\/p>\n<h6 class=\"\" data-css=\"tve-u-161be0a9caf\"><strong>Mercedes P\u00e9rez<\/strong><\/h6>\n<h2 data-css=\"tve-u-1636d66b504\"><strong>El trato humano es exquisito, sin olvidar la gran profesionalidad<\/strong><strong>\u200b<\/strong><\/h2>\n<p data-css=\"tve-u-161be0bea0c\">Yo contact\u00e9 con Haleh por casualidad hace mes y medio y hoy tengo un precioso apartamento en la playa, muy bien situado y nada caro. Adem\u00e1s, me han ayudado a gestionar el tema del alquiler. Estoy encantada con ellos, son muy eficientes, serios y profesionales. Evidentemente, recomiendo inmobiliaria Haleh a todo aquel que quiera comprar, vender, invertir o &nbsp;alquilar cualquier vivienda. El trato humano va a ser exquisito, sin olvidarnos de la gran profesionalidad con que van a tratar el tema.<\/p>\n<p data-css=\"tve-u-161be0b2de9\">Compradora de un piso en Avenida Espa\u00f1a (Estepona)<\/p>\n<h3 data-css=\"tve-u-161bddbb69f\" style=\"text-align: center;\">certificado de eficiencia energ\u00e9tica<\/h3>\n<p><span class=\"tve_image_frame\" style=\"width: 100%;\"><a href=\"http:\/\/valladolidabogados.com\/wp-content\/uploads\/2018\/06\/0002.jpg\" rel=\"\"><img loading=\"lazy\" decoding=\"async\" class=\"tve_image wp-image-19901\" alt=\"\" width=\"2176\" height=\"1641\" title=\"0002\" data-id=\"19901\" src=\"\/\/valladolidabogados.com\/wp-content\/uploads\/2018\/06\/0002.jpg\" style=\"width: 100%;\" srcset=\"https:\/\/inmobiliariahaleh.com\/wp-content\/uploads\/2018\/06\/0002.jpg 2176w, https:\/\/inmobiliariahaleh.com\/wp-content\/uploads\/2018\/06\/0002-300x226.jpg 300w, https:\/\/inmobiliariahaleh.com\/wp-content\/uploads\/2018\/06\/0002-768x579.jpg 768w, https:\/\/inmobiliariahaleh.com\/wp-content\/uploads\/2018\/06\/0002-1024x772.jpg 1024w\" sizes=\"(max-width: 2176px) 100vw, 2176px\" \/><\/a><\/span><span class=\"tve_image_frame\" style=\"width: 100%;\"><a href=\"http:\/\/valladolidabogados.com\/wp-content\/uploads\/2017\/03\/favicon_haleh.png\" rel=\"\"><img fetchpriority=\"high\" decoding=\"async\" class=\"tve_image wp-image-18410\" alt=\"\" width=\"310\" height=\"310\" title=\"favicon_haleh\" data-id=\"18410\" src=\"\/\/valladolidabogados.com\/wp-content\/uploads\/2017\/03\/favicon_haleh.png\" style=\"width: 100%;\" srcset=\"https:\/\/inmobiliariahaleh.com\/wp-content\/uploads\/2017\/03\/favicon_haleh.png 310w, https:\/\/inmobiliariahaleh.com\/wp-content\/uploads\/2017\/03\/favicon_haleh-150x150.png 150w, https:\/\/inmobiliariahaleh.com\/wp-content\/uploads\/2017\/03\/favicon_haleh-300x300.png 300w, https:\/\/inmobiliariahaleh.com\/wp-content\/uploads\/2017\/03\/favicon_haleh-120x120.png 120w, https:\/\/inmobiliariahaleh.com\/wp-content\/uploads\/2017\/03\/favicon_haleh-45x45.png 45w, https:\/\/inmobiliariahaleh.com\/wp-content\/uploads\/2017\/03\/favicon_haleh-36x36.png 36w\" sizes=\"(max-width: 310px) 100vw, 310px\" \/><\/a><\/span><\/p>\n<p data-css=\"tve-u-161c226bb2d\"><span data-css=\"tve-u-161c226bb30\">sobre nosotros<\/span><\/p>\n<p data-css=\"tve-u-161c229ca9f\"><span data-css=\"tve-u-161c22894b5\" style=\"font-family: &quot;Josefin Sans&quot;; font-weight: 300;\">Estamos encantados de poder ofrecerte nuestro servicio de asesoramiento exclusivo y personalizado sobre viviendas en la zona de Estepona y alrededores. Un servicio de lujo al alcance de todos. Contacta con nosotros ahora mismo. Te sorprender\u00e1 nuestra forma de trabajo.<\/span><\/p>\n<p data-css=\"tve-u-161d26a8724\"><span data-css=\"tve-u-161d26a8729\" style=\"font-family: &quot;Josefin Sans&quot;; font-weight: 300;\">Copyright \u00a9 2017 Haleh Inmobiliaria. Todos los derechos reservados.<\/span><\/p>\n<p data-css=\"tve-u-161d1d9ae42\"><span data-css=\"tve-u-161d1d9ae95\">contacto<\/span><\/p>\n<p data-css=\"tve-u-16349474e4c\"><a data-css=\"tve-u-16349471578\" href=\"tel:%3Csmall%3E%28+34%29%3C%2Fsmall%3E+654+011+004\">(+34)&nbsp;654 011 004<\/a><\/p>\n<p data-css=\"tve-u-16349474e52\"><a data-css=\"tve-u-1634946fcbd\" href=\"mailto:marbella@InmobiliariaHaleh.com\">marbella@InmobiliariaHaleh.com<\/a><\/p>\n<p data-css=\"tve-u-1634946c9cb\"><a data-css=\"tve-u-1634aa68a7b\" href=\"http:\/\/valladolidabogados.com\/\">www.InmobiliariaHaleh.com<\/a><\/p>\n","protected":false},"excerpt":{"rendered":"<p>00158 Amplio piso en Estepona Dormitorios: 3 Ba\u00f1os: 1 Ascensor: Si Garaje: No M\u00b2: 146 139.000\u20ac (952\u20ac\/m\u00b2) Descripci\u00f3n Te quiero presentar una vivienda que tiene las 3 grandes virtudes a los que aspiramos cuando buscamos una vivienda. Estos encantos son la ubicaci\u00f3n, su gran luminosidad y su considerable amplitud. El piso se encuentra en pleno centro de Estepona, a dos pasos de la calle &#8230;<\/p>\n","protected":false},"author":3,"featured_media":0,"parent":0,"menu_order":0,"comment_status":"closed","ping_status":"closed","template":"","meta":{"footnotes":""},"yoast_head":"<!-- This site is optimized with the Yoast SEO plugin v21.7 - https:\/\/yoast.com\/wordpress\/plugins\/seo\/ -->\n<title>Inmueble Ref. 158 &#8211; Inmobiliaria Haleh<\/title>\n<meta name=\"robots\" content=\"index, follow, max-snippet:-1, max-image-preview:large, max-video-preview:-1\" \/>\n<link rel=\"canonical\" href=\"https:\/\/inmobiliariahaleh.com\/inmueble-ref-158\/\" \/>\n<meta property=\"og:locale\" content=\"es_ES\" \/>\n<meta property=\"og:type\" content=\"article\" \/>\n<meta property=\"og:title\" content=\"Inmueble Ref. 158 &#8211; Inmobiliaria Haleh\" \/>\n<meta property=\"og:description\" content=\"00158 Amplio piso en Estepona Dormitorios: 3 Ba\u00f1os: 1 Ascensor: Si Garaje: No M\u00b2: 146 139.000\u20ac (952\u20ac\/m\u00b2) Descripci\u00f3n Te quiero presentar una vivienda que tiene las 3 grandes virtudes a los que aspiramos cuando buscamos una vivienda. Estos encantos son la ubicaci\u00f3n, su gran luminosidad y su considerable amplitud. El piso se encuentra en pleno centro de Estepona, a dos pasos de la calle ...\" \/>\n<meta property=\"og:url\" content=\"https:\/\/inmobiliariahaleh.com\/inmueble-ref-158\/\" \/>\n<meta property=\"og:site_name\" content=\"Inmobiliaria Haleh\" \/>\n<meta property=\"article:publisher\" content=\"https:\/\/www.facebook.com\/InmobiliariaHaleh\" \/>\n<meta property=\"article:modified_time\" content=\"2018-07-28T17:53:31+00:00\" \/>\n<meta property=\"og:image\" content=\"http:\/\/valladolidabogados.com\/wp-content\/uploads\/2018\/02\/IMG_20180221_1213551.jpg\" \/>\n<meta name=\"twitter:card\" content=\"summary_large_image\" \/>\n<meta name=\"twitter:label1\" content=\"Tiempo de lectura\" \/>\n\t<meta name=\"twitter:data1\" content=\"4 minutos\" \/>\n<script type=\"application\/ld+json\" class=\"yoast-schema-graph\">{\"@context\":\"https:\/\/schema.org\",\"@graph\":[{\"@type\":\"WebPage\",\"@id\":\"https:\/\/inmobiliariahaleh.com\/inmueble-ref-158\/\",\"url\":\"https:\/\/inmobiliariahaleh.com\/inmueble-ref-158\/\",\"name\":\"Inmueble Ref. 158 &#8211; Inmobiliaria Haleh\",\"isPartOf\":{\"@id\":\"https:\/\/inmobiliariahaleh.com\/#website\"},\"datePublished\":\"2018-05-17T09:49:57+00:00\",\"dateModified\":\"2018-07-28T17:53:31+00:00\",\"breadcrumb\":{\"@id\":\"https:\/\/inmobiliariahaleh.com\/inmueble-ref-158\/#breadcrumb\"},\"inLanguage\":\"es-AR\",\"potentialAction\":[{\"@type\":\"ReadAction\",\"target\":[\"https:\/\/inmobiliariahaleh.com\/inmueble-ref-158\/\"]}]},{\"@type\":\"BreadcrumbList\",\"@id\":\"https:\/\/inmobiliariahaleh.com\/inmueble-ref-158\/#breadcrumb\",\"itemListElement\":[{\"@type\":\"ListItem\",\"position\":1,\"name\":\"Portada\",\"item\":\"https:\/\/inmobiliariahaleh.com\/\"},{\"@type\":\"ListItem\",\"position\":2,\"name\":\"Inmueble Ref. 158\"}]},{\"@type\":\"WebSite\",\"@id\":\"https:\/\/inmobiliariahaleh.com\/#website\",\"url\":\"https:\/\/inmobiliariahaleh.com\/\",\"name\":\"Haleh Inmobiliaria\",\"description\":\"Compra o vende tu casa en Marbella\",\"publisher\":{\"@id\":\"https:\/\/inmobiliariahaleh.com\/#organization\"},\"potentialAction\":[{\"@type\":\"SearchAction\",\"target\":{\"@type\":\"EntryPoint\",\"urlTemplate\":\"https:\/\/inmobiliariahaleh.com\/?s={search_term_string}\"},\"query-input\":\"required name=search_term_string\"}],\"inLanguage\":\"es-AR\"},{\"@type\":\"Organization\",\"@id\":\"https:\/\/inmobiliariahaleh.com\/#organization\",\"name\":\"Inmobiliaria Haleh\",\"url\":\"https:\/\/inmobiliariahaleh.com\/\",\"logo\":{\"@type\":\"ImageObject\",\"inLanguage\":\"es-AR\",\"@id\":\"https:\/\/inmobiliariahaleh.com\/#\/schema\/logo\/image\/\",\"url\":\"http:\/\/valladolidabogados.com\/wp-content\/uploads\/2021\/06\/haleh1.png\",\"contentUrl\":\"http:\/\/valladolidabogados.com\/wp-content\/uploads\/2021\/06\/haleh1.png\",\"width\":1866,\"height\":1085,\"caption\":\"Inmobiliaria Haleh\"},\"image\":{\"@id\":\"https:\/\/inmobiliariahaleh.com\/#\/schema\/logo\/image\/\"},\"sameAs\":[\"https:\/\/www.facebook.com\/InmobiliariaHaleh\",\"https:\/\/www.youtube.com\/channel\/UCLEA_LeNRP8bAEmpX6dezKQ\"]}]}<\/script>\n<!-- \/ Yoast SEO plugin. -->","yoast_head_json":{"title":"Inmueble Ref. 158 &#8211; Inmobiliaria Haleh","robots":{"index":"index","follow":"follow","max-snippet":"max-snippet:-1","max-image-preview":"max-image-preview:large","max-video-preview":"max-video-preview:-1"},"canonical":"https:\/\/inmobiliariahaleh.com\/inmueble-ref-158\/","og_locale":"es_ES","og_type":"article","og_title":"Inmueble Ref. 158 &#8211; Inmobiliaria Haleh","og_description":"00158 Amplio piso en Estepona Dormitorios: 3 Ba\u00f1os: 1 Ascensor: Si Garaje: No M\u00b2: 146 139.000\u20ac (952\u20ac\/m\u00b2) Descripci\u00f3n Te quiero presentar una vivienda que tiene las 3 grandes virtudes a los que aspiramos cuando buscamos una vivienda. Estos encantos son la ubicaci\u00f3n, su gran luminosidad y su considerable amplitud. El piso se encuentra en pleno centro de Estepona, a dos pasos de la calle ...","og_url":"https:\/\/inmobiliariahaleh.com\/inmueble-ref-158\/","og_site_name":"Inmobiliaria Haleh","article_publisher":"https:\/\/www.facebook.com\/InmobiliariaHaleh","article_modified_time":"2018-07-28T17:53:31+00:00","og_image":[{"url":"http:\/\/valladolidabogados.com\/wp-content\/uploads\/2018\/02\/IMG_20180221_1213551.jpg"}],"twitter_card":"summary_large_image","twitter_misc":{"Tiempo de lectura":"4 minutos"},"schema":{"@context":"https:\/\/schema.org","@graph":[{"@type":"WebPage","@id":"https:\/\/inmobiliariahaleh.com\/inmueble-ref-158\/","url":"https:\/\/inmobiliariahaleh.com\/inmueble-ref-158\/","name":"Inmueble Ref. 158 &#8211; Inmobiliaria Haleh","isPartOf":{"@id":"https:\/\/inmobiliariahaleh.com\/#website"},"datePublished":"2018-05-17T09:49:57+00:00","dateModified":"2018-07-28T17:53:31+00:00","breadcrumb":{"@id":"https:\/\/inmobiliariahaleh.com\/inmueble-ref-158\/#breadcrumb"},"inLanguage":"es-AR","potentialAction":[{"@type":"ReadAction","target":["https:\/\/inmobiliariahaleh.com\/inmueble-ref-158\/"]}]},{"@type":"BreadcrumbList","@id":"https:\/\/inmobiliariahaleh.com\/inmueble-ref-158\/#breadcrumb","itemListElement":[{"@type":"ListItem","position":1,"name":"Portada","item":"https:\/\/inmobiliariahaleh.com\/"},{"@type":"ListItem","position":2,"name":"Inmueble Ref. 158"}]},{"@type":"WebSite","@id":"https:\/\/inmobiliariahaleh.com\/#website","url":"https:\/\/inmobiliariahaleh.com\/","name":"Haleh Inmobiliaria","description":"Compra o vende tu casa en Marbella","publisher":{"@id":"https:\/\/inmobiliariahaleh.com\/#organization"},"potentialAction":[{"@type":"SearchAction","target":{"@type":"EntryPoint","urlTemplate":"https:\/\/inmobiliariahaleh.com\/?s={search_term_string}"},"query-input":"required name=search_term_string"}],"inLanguage":"es-AR"},{"@type":"Organization","@id":"https:\/\/inmobiliariahaleh.com\/#organization","name":"Inmobiliaria Haleh","url":"https:\/\/inmobiliariahaleh.com\/","logo":{"@type":"ImageObject","inLanguage":"es-AR","@id":"https:\/\/inmobiliariahaleh.com\/#\/schema\/logo\/image\/","url":"http:\/\/valladolidabogados.com\/wp-content\/uploads\/2021\/06\/haleh1.png","contentUrl":"http:\/\/valladolidabogados.com\/wp-content\/uploads\/2021\/06\/haleh1.png","width":1866,"height":1085,"caption":"Inmobiliaria Haleh"},"image":{"@id":"https:\/\/inmobiliariahaleh.com\/#\/schema\/logo\/image\/"},"sameAs":["https:\/\/www.facebook.com\/InmobiliariaHaleh","https:\/\/www.youtube.com\/channel\/UCLEA_LeNRP8bAEmpX6dezKQ"]}]}},"_links":{"self":[{"href":"https:\/\/inmobiliariahaleh.com\/fa\/wp-json\/wp\/v2\/pages\/19804"}],"collection":[{"href":"https:\/\/inmobiliariahaleh.com\/fa\/wp-json\/wp\/v2\/pages"}],"about":[{"href":"https:\/\/inmobiliariahaleh.com\/fa\/wp-json\/wp\/v2\/types\/page"}],"author":[{"embeddable":true,"href":"https:\/\/inmobiliariahaleh.com\/fa\/wp-json\/wp\/v2\/users\/3"}],"replies":[{"embeddable":true,"href":"https:\/\/inmobiliariahaleh.com\/fa\/wp-json\/wp\/v2\/comments?post=19804"}],"version-history":[{"count":62,"href":"https:\/\/inmobiliariahaleh.com\/fa\/wp-json\/wp\/v2\/pages\/19804\/revisions"}],"predecessor-version":[{"id":20014,"href":"https:\/\/inmobiliariahaleh.com\/fa\/wp-json\/wp\/v2\/pages\/19804\/revisions\/20014"}],"wp:attachment":[{"href":"https:\/\/inmobiliariahaleh.com\/fa\/wp-json\/wp\/v2\/media?parent=19804"}],"curies":[{"name":"wp","href":"https:\/\/api.w.org\/{rel}","templated":true}]}}